{"id":20,"date":"2024-03-03T12:22:38","date_gmt":"2024-03-03T12:22:38","guid":{"rendered":"https:\/\/apikosmetiikka.fi\/?page_id=20"},"modified":"2025-02-18T08:44:49","modified_gmt":"2025-02-18T08:44:49","slug":"yhdistys","status":"publish","type":"page","link":"https:\/\/apikosmetiikka.fi\/index.php\/yhdistys\/","title":{"rendered":"Suomen apikosmetiikka ry"},"content":{"rendered":"\n<p><\/p>\n\n\n\n<p><\/p>\n\n\n\n<p><\/p>\n\n\n\n<div class=\"wp-block-buttons is-layout-flex wp-block-buttons-is-layout-flex\">\n<div class=\"wp-block-button has-custom-width wp-block-button__width-100 has-custom-font-size is-style-fill has-large-font-size\" id=\"liity-j\u00e4seneksi\"><a class=\"wp-block-button__link has-text-align-center wp-element-button\" href=\"https:\/\/forms.gle\/MdcBoaXJeHB6MrHM8\" style=\"padding-top:var(--wp--preset--spacing--10);padding-right:var(--wp--preset--spacing--20);padding-bottom:var(--wp--preset--spacing--10);padding-left:var(--wp--preset--spacing--20)\" target=\"_blank\" rel=\"noreferrer noopener\"><strong>LIITY Suomen apikosmetiikkayhdistyksen J\u00c4SENEKSI T\u00c4YTT\u00c4M\u00c4LL\u00c4 J\u00c4SENHAKEMUSLOMAKE T\u00c4\u00c4LL\u00c4 &#8211;&gt;<\/strong><\/a><\/div>\n<\/div>\n\n\n\n<p><\/p>\n\n\n\n<p><\/p>\n\n\n\n<p><\/p>\n\n\n\n<p><\/p>\n\n\n\n<p><\/p>\n\n\n\n<p><\/p>\n\n\n\n<p><\/p>\n\n\n\n<p><\/p>\n\n\n\n<p><\/p>\n\n\n\n<p><\/p>\n\n\n\n<p><\/p>\n\n\n\n<p><\/p>\n\n\n\n<p><\/p>\n\n\n\n<p><\/p>\n\n\n\n<p><\/p>\n\n\n\n<p><\/p>\n\n\n\n<p><\/p>\n\n\n\n<p><\/p>\n\n\n\n<p><\/p>\n\n\n\n<p><\/p>\n\n\n\n<p><\/p>\n\n\n\n<p><\/p>\n\n\n\n<p><\/p>\n\n\n\n<div class=\"wp-block-group alignwide has-global-padding is-layout-constrained wp-block-group-is-layout-constrained\">\n<div class=\"wp-block-columns alignwide is-layout-flex wp-container-core-columns-is-layout-28f84493 wp-block-columns-is-layout-flex\">\n<div class=\"wp-block-column is-layout-flow wp-block-column-is-layout-flow\" style=\"flex-basis:50%\">\n<div class=\"wp-block-group has-global-padding is-layout-constrained wp-block-group-is-layout-constrained\">\n<p><\/p>\n\n\n\n<p><\/p>\n\n\n\n<p><\/p>\n\n\n\n<p><\/p>\n\n\n\n<p><\/p>\n\n\n\n<p><strong>Yhdistyksen s\u00e4\u00e4nn\u00f6t<\/strong><\/p>\n\n\n\n<p><\/p>\n\n\n\n<p class=\"has-small-font-size\"><strong><span style=\"text-decoration: underline;\">1. Yhdistyksen nimi ja kotipaikka<\/span><\/strong><\/p>\n\n\n\n<p class=\"has-small-font-size\">Yhdistyksen nimi on Suomen apikosmetiikka ry ja sen kotipaikka on H\u00e4meenlinna.<\/p>\n\n\n\n<p class=\"has-small-font-size\"><strong><span style=\"text-decoration: underline;\">2. Tarkoitus ja toiminnan laatu<\/span><\/strong><\/p>\n\n\n\n<p class=\"has-small-font-size\">Yhdistyksen tarkoituksena on yhdist\u00e4\u00e4 ja edist\u00e4\u00e4 mehil\u00e4ishoidon ja<\/p>\n\n\n\n<p class=\"has-small-font-size\">luonnonkosmetiikan tuotteistamista ja alan yhteistoimintaa sek\u00e4 kehitt\u00e4\u00e4<\/p>\n\n\n\n<p class=\"has-small-font-size\">apikosmetiikkaan liittyv\u00e4\u00e4 tutkimus- ja kehitt\u00e4mistoimintaa.<\/p>\n\n\n\n<p class=\"has-small-font-size\">Tarkoituksensa toteuttamiseksi yhdistys:<\/p>\n\n\n\n<p class=\"has-small-font-size\">&#8211; voi j\u00e4rjest\u00e4\u00e4 kursseja, harjoitus- ja opetustilaisuuksia sek\u00e4 muuta vastaavaa toimintaa<\/p>\n\n\n\n<p class=\"has-small-font-size\">&#8211; voi j\u00e4rjest\u00e4\u00e4 kilpailuja, n\u00e4yt\u00f6ksi\u00e4, retki\u00e4, leirej\u00e4 ja muita tapahtumia<\/p>\n\n\n\n<p class=\"has-small-font-size\">&#8211; voi j\u00e4rjest\u00e4\u00e4 juhlia, konsertteja, n\u00e4yttelyit\u00e4 tai muita tilaisuuksia<\/p>\n\n\n\n<p class=\"has-small-font-size\">&#8211; voi yll\u00e4pit\u00e4\u00e4 yhdistyksen s\u00e4hk\u00f6isi\u00e4 viestint\u00e4kanavia<\/p>\n\n\n\n<p class=\"has-small-font-size\">&#8211; voi julkaista yhdistyksen tiedotteita ja muuta viestint\u00e4\u00e4 eri viestint\u00e4kanavissa<\/p>\n\n\n\n<p class=\"has-small-font-size\">&#8211; neuvoo ja ohjaa j\u00e4seni\u00e4\u00e4n<\/p>\n\n\n\n<p class=\"has-small-font-size\">&#8211; osallistuu julkiseen keskusteluun alaan liittyviss\u00e4 asioissa<\/p>\n\n\n\n<p class=\"has-small-font-size\">&#8211; voi ker\u00e4t\u00e4 ja jakaa tietoa sek\u00e4 harjoittaa tutkimustoimintaa<\/p>\n\n\n\n<p class=\"has-small-font-size\">&#8211; kokoaa j\u00e4senet yhteiseen toimintaan ja yll\u00e4pit\u00e4\u00e4 yhteyksi\u00e4 muihin alan yhdistyksiin<\/p>\n\n\n\n<p class=\"has-small-font-size\">&#8211; yll\u00e4pit\u00e4\u00e4 j\u00e4senist\u00e4\u00e4n koostuvaa esiintyv\u00e4\u00e4 ryhm\u00e4\u00e4<\/p>\n\n\n\n<p class=\"has-small-font-size\">&#8211; voi j\u00e4rjest\u00e4\u00e4 yhdistyksen tarkoitukseen liittyvi\u00e4 matkoja j\u00e4senilleen<\/p>\n\n\n\n<p class=\"has-small-font-size\">&#8211; voi osallistua j\u00e4sentens\u00e4 v\u00e4litt\u00f6miin kilpailukustannuksiin<\/p>\n\n\n\n<p class=\"has-small-font-size\">&#8211; voi hankkia tarvittavia aineistoja ja v\u00e4lineit\u00e4 yhdistyksen k\u00e4ytt\u00f6\u00f6n<\/p>\n\n\n\n<p class=\"has-small-font-size\">&#8211; pyrkii j\u00e4rjest\u00e4m\u00e4\u00e4n k\u00e4ytt\u00f6\u00f6ns\u00e4 tilat, joita yhdistyksen j\u00e4senet voivat k\u00e4ytt\u00e4\u00e4<\/p>\n\n\n\n<p class=\"has-small-font-size\">&#8211; voi tehd\u00e4 esityksi\u00e4 ja aloitteita harrastusmahdollisuuksien lis\u00e4\u00e4miseksi<\/p>\n\n\n\n<p class=\"has-small-font-size\">&#8211; voi tehd\u00e4 esityksi\u00e4, aloitteita ja selvityksi\u00e4 sek\u00e4 antaa lausuntoja muille yhteis\u00f6ille ja viranomaisille<\/p>\n\n\n\n<p class=\"has-small-font-size\">&#8211; toimii yhteisty\u00f6ss\u00e4 viranomaisten, j\u00e4rjest\u00f6jen, yritysten ja yksityishenkil\u00f6iden kanssa<\/p>\n\n\n\n<p class=\"has-small-font-size\">Toimintansa tukemiseksi yhdistys voi, hankittuaan tarvittaessa asianomaisen luvan:<\/p>\n\n\n\n<p class=\"has-small-font-size\">&#8211; j\u00e4rjest\u00e4\u00e4 rahanker\u00e4yksi\u00e4 ja arpajaisia<\/p>\n\n\n\n<p class=\"has-small-font-size\">&#8211; j\u00e4rjest\u00e4\u00e4 myyj\u00e4isi\u00e4, kirpputori- ja muita tapahtumia<\/p>\n\n\n\n<p class=\"has-small-font-size\">&#8211; j\u00e4rjest\u00e4\u00e4 maksullisia tilaisuuksia<\/p>\n\n\n\n<p class=\"has-small-font-size\">&#8211; ottaa vastaan avustuksia, lahjoituksia ja testamentteja<\/p>\n\n\n\n<p class=\"has-small-font-size\">&#8211; omistaa toimintansa kannalta tarpeellista irtainta ja kiinte\u00e4\u00e4 omaisuutta<\/p>\n\n\n\n<p class=\"has-small-font-size\">&#8211; tehd\u00e4 talkooty\u00f6t\u00e4<\/p>\n\n\n\n<p class=\"has-small-font-size\"><strong><span style=\"text-decoration: underline;\">3. J\u00e4senet<\/span><\/strong><\/p>\n\n\n\n<p class=\"has-small-font-size\">Yhdistykseen j\u00e4seneksi voi liitty\u00e4 jokainen, joka hyv\u00e4ksyy yhdistyksen tarkoituksen ja s\u00e4\u00e4nn\u00f6t.<\/p>\n\n\n\n<p class=\"has-small-font-size\">J\u00e4senet hyv\u00e4ksyy hakemuksesta yhdistyksen hallitus.<\/p>\n\n\n\n<p class=\"has-small-font-size\"><strong><span style=\"text-decoration: underline;\">4. Liittymis- ja j\u00e4senmaksu<\/span><\/strong><\/p>\n\n\n\n<p class=\"has-small-font-size\">J\u00e4senilt\u00e4 peritt\u00e4v\u00e4n liittymismaksun ja vuotuisen j\u00e4senmaksun suuruudesta p\u00e4\u00e4tt\u00e4\u00e4 vuosikokous.<\/p>\n\n\n\n<p class=\"has-small-font-size\"><strong><span style=\"text-decoration: underline;\">5. Hallitus<\/span><\/strong><\/p>\n\n\n\n<p class=\"has-small-font-size\">Yhdistyksen asioita hoitaa hallitus, johon kuuluu vuosikokouksessa valitut puheenjohtaja ja 3 \u2013 8 muuta varsinaista j\u00e4sent\u00e4 sek\u00e4 0 &#8211; 8 varaj\u00e4sent\u00e4.<\/p>\n\n\n\n<p class=\"has-small-font-size\">Hallituksen toimikausi on kalenterivuosi.<\/p>\n\n\n\n<p class=\"has-small-font-size\">Hallitus valitsee keskuudestaan varapuheenjohtajan sek\u00e4 ottaa keskuudestaan tai ulkopuoleltaan sihteerin, rahastonhoitajan ja muut tarvittavat toimihenkil\u00f6t. Hallitus kokoontuu puheenjohtajan tai h\u00e4nen estyneen\u00e4 ollessaan varapuheenjohtajan kutsusta, kun he katsovat siihen olevan aihetta tai kun v\u00e4hint\u00e4\u00e4n puolet hallituksen j\u00e4senist\u00e4 sit\u00e4 vaatii. Hallitus on p\u00e4\u00e4t\u00f6svaltainen, kun v\u00e4hint\u00e4\u00e4n puolet sen j\u00e4senist\u00e4, puheenjohtaja tai varapuheenjohtaja mukaanluettuna on l\u00e4sn\u00e4. \u00c4\u00e4nestykset ratkaistaan ehdottomalla \u00e4\u00e4ntenenemmist\u00f6ll\u00e4. \u00c4\u00e4nten menness\u00e4 tasan ratkaisee puheenjohtajan \u00e4\u00e4ni, vaaleissa kuitenkin arpa.<\/p>\n\n\n\n<p class=\"has-small-font-size\"><\/p>\n<\/div>\n<\/div>\n\n\n\n<div class=\"wp-block-column is-layout-flow wp-block-column-is-layout-flow\" style=\"flex-basis:50%\">\n<p><\/p>\n\n\n\n<p><\/p>\n\n\n\n<p><\/p>\n\n\n\n<p><\/p>\n\n\n\n<p><\/p>\n\n\n\n<p><\/p>\n\n\n\n<p><\/p>\n\n\n\n<p class=\"has-small-font-size\"><strong><span style=\"text-decoration: underline;\">6. Yhdistyksen nimen kirjoittaminen<\/span><\/strong><\/p>\n\n\n\n<p class=\"has-small-font-size\">Yhdistyksen nimen kirjoittaa hallituksen puheenjohtaja, varapuheenjohtaja, sihteeri tai rahastonhoitaja, kaksi yhdess\u00e4.<\/p>\n\n\n\n<p class=\"has-small-font-size\"><strong><span style=\"text-decoration: underline;\">7. Tilikausi<\/span><\/strong><\/p>\n\n\n\n<p class=\"has-small-font-size\">Yhdistyksen tilikausi on 1.2.\u201331.1.<\/p>\n\n\n\n<p class=\"has-small-font-size\"><strong><span style=\"text-decoration: underline;\">8. Yhdistyksen kokoukset<\/span><\/strong><\/p>\n\n\n\n<p class=\"has-small-font-size\">Yhdistyksen kokoukseen voidaan osallistua hallituksen tai yhdistyksen kokouksen niin p\u00e4\u00e4tt\u00e4ess\u00e4 my\u00f6s postitse taikka tietoliikenneyhteyden tai muun teknisen apuv\u00e4lineen avulla kokouksen aikana tai ennen kokousta. Yhdistyksen kokous hyv\u00e4ksyy \u00e4\u00e4nestys- ja vaalij\u00e4rjestyksen.<\/p>\n\n\n\n<p class=\"has-small-font-size\">Yhdistyksen vuosikokous pidet\u00e4\u00e4n vuosittain hallituksen m\u00e4\u00e4r\u00e4\u00e4m\u00e4n\u00e4 p\u00e4iv\u00e4n\u00e4 helmi-toukokuussa.<\/p>\n\n\n\n<p class=\"has-small-font-size\">Yhdistyksen kokouksissa on jokaisella j\u00e4senell\u00e4 yksi \u00e4\u00e4ni. Yhdistyksen kokouksen p\u00e4\u00e4t\u00f6kseksi tulee, ellei s\u00e4\u00e4nn\u00f6iss\u00e4 ole toisin m\u00e4\u00e4r\u00e4tty, se mielipide, jota on kannattanut yli puolet annetuista \u00e4\u00e4nist\u00e4.<\/p>\n\n\n\n<p class=\"has-small-font-size\">\u00c4\u00e4nten menness\u00e4 tasan ratkaisee kokouksen puheenjohtajan \u00e4\u00e4ni, vaaleissa kuitenkin arpa.<\/p>\n\n\n\n<p class=\"has-small-font-size\"><strong><span style=\"text-decoration: underline;\">9. Yhdistyksen kokousten koollekutsuminen<\/span><\/strong><\/p>\n\n\n\n<p class=\"has-small-font-size\">Hallituksen on kutsuttava yhdistyksen kokoukset koolle v\u00e4hint\u00e4\u00e4n 7 vuorokautta ennen kokousta.<\/p>\n\n\n\n<p class=\"has-small-font-size\">Kokouskutsu on l\u00e4hetett\u00e4v\u00e4 j\u00e4senille:<\/p>\n\n\n\n<p class=\"has-small-font-size\">&#8211; kirjeitse tai s\u00e4hk\u00f6postitse<\/p>\n\n\n\n<p class=\"has-small-font-size\">&#8211; yhdistyksen verkkosivulla tai yhdistyksen k\u00e4ytt\u00e4m\u00e4n sosiaalisen median ryhm\u00e4ss\u00e4<\/p>\n\n\n\n<p class=\"has-small-font-size\"><strong><span style=\"text-decoration: underline;\">10. Vuosikokous<\/span><\/strong><\/p>\n\n\n\n<p class=\"has-small-font-size\">Yhdistyksen vuosikokouksessa k\u00e4sitell\u00e4\u00e4n seuraavat asiat:<\/p>\n\n\n\n<p class=\"has-small-font-size\">1. kokouksen avaus<\/p>\n\n\n\n<p class=\"has-small-font-size\">2. valitaan kokouksen puheenjohtaja, sihteeri, kaksi p\u00f6yt\u00e4kirjantarkastajaa ja tarvittaessa kaksi \u00e4\u00e4ntenlaskijaa<\/p>\n\n\n\n<p class=\"has-small-font-size\">3. todetaan kokouksen laillisuus ja p\u00e4\u00e4t\u00f6svaltaisuus<\/p>\n\n\n\n<p class=\"has-small-font-size\">4. hyv\u00e4ksyt\u00e4\u00e4n kokouksen ty\u00f6j\u00e4rjestys<\/p>\n\n\n\n<p class=\"has-small-font-size\">5. esitet\u00e4\u00e4n tilinp\u00e4\u00e4t\u00f6s, vuosikertomus ja toiminnantarkastajien\/tilintarkastajien lausunto<\/p>\n\n\n\n<p class=\"has-small-font-size\">6. p\u00e4\u00e4tet\u00e4\u00e4n tilinp\u00e4\u00e4t\u00f6ksen vahvistamisesta ja vastuuvapauden my\u00f6nt\u00e4misest\u00e4 hallitukselle ja muille vastuuvelvollisille<\/p>\n\n\n\n<p class=\"has-small-font-size\">7. vahvistetaan toimintasuunnitelma, tulo- ja menoarvio sek\u00e4 liittymis- ja j\u00e4senmaksun suuruus<\/p>\n\n\n\n<p class=\"has-small-font-size\">8. valitaan hallituksen puheenjohtaja ja muut j\u00e4senet<\/p>\n\n\n\n<p class=\"has-small-font-size\">9. valitaan yksi tai kaksi toiminnantarkastajaa ja varatoiminnantarkastajaa taikka yksi tai kaksi<\/p>\n\n\n\n<p class=\"has-small-font-size\">tilintarkastajaa ja varatilintarkastajaa<\/p>\n\n\n\n<p class=\"has-small-font-size\">10. k\u00e4sitell\u00e4\u00e4n muut kokouskutsussa mainitut asiat.<\/p>\n\n\n\n<p class=\"has-small-font-size\">Mik\u00e4li yhdistyksen j\u00e4sen haluaa saada jonkin asian yhdistyksen vuosikokouksen k\u00e4sitelt\u00e4v\u00e4ksi, on h\u00e4nen ilmoitettava siit\u00e4 kirjallisesti hallitukselle niin hyviss\u00e4 ajoin, ett\u00e4 asia voidaan sis\u00e4llytt\u00e4\u00e4 kokouskutsuun.<\/p>\n\n\n\n<p class=\"has-small-font-size\">11. S\u00e4\u00e4nt\u00f6jen muuttaminen ja yhdistyksen purkaminen<\/p>\n\n\n\n<p class=\"has-small-font-size\">P\u00e4\u00e4t\u00f6s s\u00e4\u00e4nt\u00f6jen muuttamisesta ja yhdistyksen purkamisesta on teht\u00e4v\u00e4 yhdistyksen kokouksessa v\u00e4hint\u00e4\u00e4n kolmen nelj\u00e4sosan (3\/4) enemmist\u00f6ll\u00e4 annetuista \u00e4\u00e4nist\u00e4. Kokouskutsussa on mainittava s\u00e4\u00e4nt\u00f6jen muuttamisesta tai yhdistyksen purkamisesta. Yhdistyksen purkautuessa k\u00e4ytet\u00e4\u00e4n yhdistyksen varat yhdistyksen tarkoituksen edist\u00e4miseen purkamisesta p\u00e4\u00e4tt\u00e4v\u00e4n kokouksen m\u00e4\u00e4r\u00e4\u00e4m\u00e4ll\u00e4 tavalla. Yhdistyksen tullessa lakkautetuksi k\u00e4ytet\u00e4\u00e4n sen varat samaan tarkoitukseen.<\/p>\n<\/div>\n<\/div>\n\n\n\n<p><\/p>\n<\/div>\n\n\n\n<p><\/p>\n","protected":false},"excerpt":{"rendered":"<p>Yhdistyksen s\u00e4\u00e4nn\u00f6t 1. Yhdistyksen nimi ja kotipaikka Yhdistyksen nimi on Suomen apikosmetiikka ry ja sen kotipaikka on H\u00e4meenlinna. 2. Tarkoitus ja toiminnan laatu Yhdistyksen tarkoituksena on yhdist\u00e4\u00e4 ja edist\u00e4\u00e4 mehil\u00e4ishoidon ja luonnonkosmetiikan tuotteistamista ja alan yhteistoimintaa sek\u00e4 kehitt\u00e4\u00e4 apikosmetiikkaan liittyv\u00e4\u00e4 tutkimus- ja kehitt\u00e4mistoimintaa. Tarkoituksensa toteuttamiseksi yhdistys: &#8211; voi j\u00e4rjest\u00e4\u00e4 kursseja, harjoitus- ja opetustilaisuuksia sek\u00e4 muuta [&hellip;]<\/p>\n","protected":false},"author":1,"featured_media":0,"parent":0,"menu_order":0,"comment_status":"closed","ping_status":"closed","template":"","meta":{"footnotes":""},"class_list":["post-20","page","type-page","status-publish","hentry"],"yoast_head":"<!-- This site is optimized with the Yoast SEO plugin v24.4 - https:\/\/yoast.com\/wordpress\/plugins\/seo\/ -->\n<title>Suomen apikosmetiikka ry - Apikosmetiikkaa - Suomen apikosmetiikkayhdistys ry<\/title>\n<meta name=\"robots\" content=\"index, follow, max-snippet:-1, max-image-preview:large, max-video-preview:-1\" \/>\n<link rel=\"canonical\" href=\"https:\/\/apikosmetiikka.fi\/index.php\/yhdistys\/\" \/>\n<meta property=\"og:locale\" content=\"fi_FI\" \/>\n<meta property=\"og:type\" content=\"article\" \/>\n<meta property=\"og:title\" content=\"Suomen apikosmetiikka ry - Apikosmetiikkaa - Suomen apikosmetiikkayhdistys ry\" \/>\n<meta property=\"og:description\" content=\"Yhdistyksen s\u00e4\u00e4nn\u00f6t 1. Yhdistyksen nimi ja kotipaikka Yhdistyksen nimi on Suomen apikosmetiikka ry ja sen kotipaikka on H\u00e4meenlinna. 2. Tarkoitus ja toiminnan laatu Yhdistyksen tarkoituksena on yhdist\u00e4\u00e4 ja edist\u00e4\u00e4 mehil\u00e4ishoidon ja luonnonkosmetiikan tuotteistamista ja alan yhteistoimintaa sek\u00e4 kehitt\u00e4\u00e4 apikosmetiikkaan liittyv\u00e4\u00e4 tutkimus- ja kehitt\u00e4mistoimintaa. Tarkoituksensa toteuttamiseksi yhdistys: &#8211; voi j\u00e4rjest\u00e4\u00e4 kursseja, harjoitus- ja opetustilaisuuksia sek\u00e4 muuta [&hellip;]\" \/>\n<meta property=\"og:url\" content=\"https:\/\/apikosmetiikka.fi\/index.php\/yhdistys\/\" \/>\n<meta property=\"og:site_name\" content=\"Apikosmetiikkaa - Suomen apikosmetiikkayhdistys ry\" \/>\n<meta property=\"article:modified_time\" content=\"2025-02-18T08:44:49+00:00\" \/>\n<meta name=\"twitter:card\" content=\"summary_large_image\" \/>\n<meta name=\"twitter:label1\" content=\"Arvioitu lukuaika\" \/>\n\t<meta name=\"twitter:data1\" content=\"4 minuuttia\" \/>\n<script type=\"application\/ld+json\" class=\"yoast-schema-graph\">{\"@context\":\"https:\/\/schema.org\",\"@graph\":[{\"@type\":\"WebPage\",\"@id\":\"https:\/\/apikosmetiikka.fi\/index.php\/yhdistys\/\",\"url\":\"https:\/\/apikosmetiikka.fi\/index.php\/yhdistys\/\",\"name\":\"Suomen apikosmetiikka ry - Apikosmetiikkaa - Suomen apikosmetiikkayhdistys ry\",\"isPartOf\":{\"@id\":\"https:\/\/apikosmetiikka.fi\/#website\"},\"datePublished\":\"2024-03-03T12:22:38+00:00\",\"dateModified\":\"2025-02-18T08:44:49+00:00\",\"breadcrumb\":{\"@id\":\"https:\/\/apikosmetiikka.fi\/index.php\/yhdistys\/#breadcrumb\"},\"inLanguage\":\"fi\",\"potentialAction\":[{\"@type\":\"ReadAction\",\"target\":[\"https:\/\/apikosmetiikka.fi\/index.php\/yhdistys\/\"]}]},{\"@type\":\"BreadcrumbList\",\"@id\":\"https:\/\/apikosmetiikka.fi\/index.php\/yhdistys\/#breadcrumb\",\"itemListElement\":[{\"@type\":\"ListItem\",\"position\":1,\"name\":\"Etusivu\",\"item\":\"https:\/\/apikosmetiikka.fi\/\"},{\"@type\":\"ListItem\",\"position\":2,\"name\":\"Suomen apikosmetiikka ry\"}]},{\"@type\":\"WebSite\",\"@id\":\"https:\/\/apikosmetiikka.fi\/#website\",\"url\":\"https:\/\/apikosmetiikka.fi\/\",\"name\":\"www.apikosmetiikka.fi\",\"description\":\"Apikosmetiikka -opi k\u00e4ytt\u00e4m\u00e4\u00e4n mehil\u00e4ispes\u00e4st\u00e4 saatavia arvokkaita raaka-aineita.\",\"publisher\":{\"@id\":\"https:\/\/apikosmetiikka.fi\/#organization\"},\"potentialAction\":[{\"@type\":\"SearchAction\",\"target\":{\"@type\":\"EntryPoint\",\"urlTemplate\":\"https:\/\/apikosmetiikka.fi\/?s={search_term_string}\"},\"query-input\":{\"@type\":\"PropertyValueSpecification\",\"valueRequired\":true,\"valueName\":\"search_term_string\"}}],\"inLanguage\":\"fi\"},{\"@type\":\"Organization\",\"@id\":\"https:\/\/apikosmetiikka.fi\/#organization\",\"name\":\"Suomen apikosmetiikkayhdistys ry\",\"url\":\"https:\/\/apikosmetiikka.fi\/\",\"logo\":{\"@type\":\"ImageObject\",\"inLanguage\":\"fi\",\"@id\":\"https:\/\/apikosmetiikka.fi\/#\/schema\/logo\/image\/\",\"url\":\"https:\/\/apikosmetiikka.fi\/wp-content\/uploads\/2024\/10\/Black-and-White-Vintage-Honey-Bee-Logo.png\",\"contentUrl\":\"https:\/\/apikosmetiikka.fi\/wp-content\/uploads\/2024\/10\/Black-and-White-Vintage-Honey-Bee-Logo.png\",\"width\":500,\"height\":500,\"caption\":\"Suomen apikosmetiikkayhdistys ry\"},\"image\":{\"@id\":\"https:\/\/apikosmetiikka.fi\/#\/schema\/logo\/image\/\"}}]}<\/script>\n<!-- \/ Yoast SEO plugin. -->","yoast_head_json":{"title":"Suomen apikosmetiikka ry - Apikosmetiikkaa - Suomen apikosmetiikkayhdistys ry","robots":{"index":"index","follow":"follow","max-snippet":"max-snippet:-1","max-image-preview":"max-image-preview:large","max-video-preview":"max-video-preview:-1"},"canonical":"https:\/\/apikosmetiikka.fi\/index.php\/yhdistys\/","og_locale":"fi_FI","og_type":"article","og_title":"Suomen apikosmetiikka ry - Apikosmetiikkaa - Suomen apikosmetiikkayhdistys ry","og_description":"Yhdistyksen s\u00e4\u00e4nn\u00f6t 1. Yhdistyksen nimi ja kotipaikka Yhdistyksen nimi on Suomen apikosmetiikka ry ja sen kotipaikka on H\u00e4meenlinna. 2. Tarkoitus ja toiminnan laatu Yhdistyksen tarkoituksena on yhdist\u00e4\u00e4 ja edist\u00e4\u00e4 mehil\u00e4ishoidon ja luonnonkosmetiikan tuotteistamista ja alan yhteistoimintaa sek\u00e4 kehitt\u00e4\u00e4 apikosmetiikkaan liittyv\u00e4\u00e4 tutkimus- ja kehitt\u00e4mistoimintaa. Tarkoituksensa toteuttamiseksi yhdistys: &#8211; voi j\u00e4rjest\u00e4\u00e4 kursseja, harjoitus- ja opetustilaisuuksia sek\u00e4 muuta [&hellip;]","og_url":"https:\/\/apikosmetiikka.fi\/index.php\/yhdistys\/","og_site_name":"Apikosmetiikkaa - Suomen apikosmetiikkayhdistys ry","article_modified_time":"2025-02-18T08:44:49+00:00","twitter_card":"summary_large_image","twitter_misc":{"Arvioitu lukuaika":"4 minuuttia"},"schema":{"@context":"https:\/\/schema.org","@graph":[{"@type":"WebPage","@id":"https:\/\/apikosmetiikka.fi\/index.php\/yhdistys\/","url":"https:\/\/apikosmetiikka.fi\/index.php\/yhdistys\/","name":"Suomen apikosmetiikka ry - Apikosmetiikkaa - Suomen apikosmetiikkayhdistys ry","isPartOf":{"@id":"https:\/\/apikosmetiikka.fi\/#website"},"datePublished":"2024-03-03T12:22:38+00:00","dateModified":"2025-02-18T08:44:49+00:00","breadcrumb":{"@id":"https:\/\/apikosmetiikka.fi\/index.php\/yhdistys\/#breadcrumb"},"inLanguage":"fi","potentialAction":[{"@type":"ReadAction","target":["https:\/\/apikosmetiikka.fi\/index.php\/yhdistys\/"]}]},{"@type":"BreadcrumbList","@id":"https:\/\/apikosmetiikka.fi\/index.php\/yhdistys\/#breadcrumb","itemListElement":[{"@type":"ListItem","position":1,"name":"Etusivu","item":"https:\/\/apikosmetiikka.fi\/"},{"@type":"ListItem","position":2,"name":"Suomen apikosmetiikka ry"}]},{"@type":"WebSite","@id":"https:\/\/apikosmetiikka.fi\/#website","url":"https:\/\/apikosmetiikka.fi\/","name":"www.apikosmetiikka.fi","description":"Apikosmetiikka -opi k\u00e4ytt\u00e4m\u00e4\u00e4n mehil\u00e4ispes\u00e4st\u00e4 saatavia arvokkaita raaka-aineita.","publisher":{"@id":"https:\/\/apikosmetiikka.fi\/#organization"},"potentialAction":[{"@type":"SearchAction","target":{"@type":"EntryPoint","urlTemplate":"https:\/\/apikosmetiikka.fi\/?s={search_term_string}"},"query-input":{"@type":"PropertyValueSpecification","valueRequired":true,"valueName":"search_term_string"}}],"inLanguage":"fi"},{"@type":"Organization","@id":"https:\/\/apikosmetiikka.fi\/#organization","name":"Suomen apikosmetiikkayhdistys ry","url":"https:\/\/apikosmetiikka.fi\/","logo":{"@type":"ImageObject","inLanguage":"fi","@id":"https:\/\/apikosmetiikka.fi\/#\/schema\/logo\/image\/","url":"https:\/\/apikosmetiikka.fi\/wp-content\/uploads\/2024\/10\/Black-and-White-Vintage-Honey-Bee-Logo.png","contentUrl":"https:\/\/apikosmetiikka.fi\/wp-content\/uploads\/2024\/10\/Black-and-White-Vintage-Honey-Bee-Logo.png","width":500,"height":500,"caption":"Suomen apikosmetiikkayhdistys ry"},"image":{"@id":"https:\/\/apikosmetiikka.fi\/#\/schema\/logo\/image\/"}}]}},"_links":{"self":[{"href":"https:\/\/apikosmetiikka.fi\/index.php\/wp-json\/wp\/v2\/pages\/20","targetHints":{"allow":["GET"]}}],"collection":[{"href":"https:\/\/apikosmetiikka.fi\/index.php\/wp-json\/wp\/v2\/pages"}],"about":[{"href":"https:\/\/apikosmetiikka.fi\/index.php\/wp-json\/wp\/v2\/types\/page"}],"author":[{"embeddable":true,"href":"https:\/\/apikosmetiikka.fi\/index.php\/wp-json\/wp\/v2\/users\/1"}],"replies":[{"embeddable":true,"href":"https:\/\/apikosmetiikka.fi\/index.php\/wp-json\/wp\/v2\/comments?post=20"}],"version-history":[{"count":21,"href":"https:\/\/apikosmetiikka.fi\/index.php\/wp-json\/wp\/v2\/pages\/20\/revisions"}],"predecessor-version":[{"id":196,"href":"https:\/\/apikosmetiikka.fi\/index.php\/wp-json\/wp\/v2\/pages\/20\/revisions\/196"}],"wp:attachment":[{"href":"https:\/\/apikosmetiikka.fi\/index.php\/wp-json\/wp\/v2\/media?parent=20"}],"curies":[{"name":"wp","href":"https:\/\/api.w.org\/{rel}","templated":true}]}}